{"id":9985,"date":"2021-08-18T17:08:23","date_gmt":"2021-08-18T21:08:23","guid":{"rendered":"https:\/\/m-a-i.qc.ca\/?page_id=9985"},"modified":"2021-10-06T15:04:55","modified_gmt":"2021-10-06T19:04:55","slug":"edon-descollines","status":"publish","type":"page","link":"https:\/\/m-a-i.qc.ca\/en\/edon-descollines\/","title":{"rendered":"edon descollines (joe jack &amp;#038; john)"},"content":{"rendered":"[vc_row css_animation=&#8221;fadeIn&#8221;][vc_column][vc_column_text]\n<h2 style=\"text-align: center;\">October 20 to 23, 2021<\/h2>\n[\/vc_column_text][\/vc_column][\/vc_row][vc_row css_animation=&#8221;fadeIn&#8221;][vc_column][vc_column_text]\n<h1 style=\"text-align: center;\"><span style=\"color: #294b3b;\">Le magasin ferme<\/span><\/h1>\n[\/vc_column_text][\/vc_column][\/vc_row][vc_row css_animation=&#8221;fadeIn&#8221;][vc_column][vc_single_image image=&#8221;9824&#8243; img_size=&#8221;full&#8221; add_caption=&#8221;yes&#8221; alignment=&#8221;center&#8221; style=&#8221;vc_box_rounded&#8221; css_animation=&#8221;fadeInUp&#8221;][\/vc_column][\/vc_row][vc_row full_width=&#8221;stretch_row&#8221; css_animation=&#8221;fadeIn&#8221; css=&#8221;.vc_custom_1629240370838{background-color: #bcd2cd !important;}&#8221;][vc_column width=&#8221;1\/4&#8243;][vc_column_text]\n<h2 style=\"text-align: right;\">MONTREAL<\/h2>\n<h2 style=\"text-align: right;\">PERFORMANCE<\/h2>\n<h2 style=\"text-align: right;\">PRESENTED IN FRENCH<\/h2>\n[\/vc_column_text][vc_column_text]\n<p style=\"text-align: right;\">October 20, 2021: 7:30 p.m.<\/p>\n<p style=\"text-align: right;\">October 21, 2021: 7:30 p.m.<\/p>\n<p style=\"text-align: right;\">October 22, 2021: 7:30 p.m.<\/p>\n<p style=\"text-align: right;\">October 23, 2021: 2:00 p.m.<\/p>\n<p style=\"text-align: right;\">October 23, 2021: 7:30 p.m.<\/p>\n[\/vc_column_text][\/vc_column][vc_column width=&#8221;3\/4&#8243;][vc_column_text]Through collective writing and an emphasis on self-determination and interdependence,<span style=\"color: #294b3b;\"><strong> Joe Jack &amp; John<\/strong> <\/span>dares to confront crucial social issues, with the aim of providing an outlet for voices seldom heard. Borrowing its vocabulary from the worlds of visual arts and dance, the performance theatre company encourages the emergence of free and honest voices, as well as the creation of aesthetic singularities \u2013 like those of artists with a disability. This unique political stance provides the esteemed <span style=\"color: #294b3b;\"><strong>Edon Descollines<\/strong><\/span> with a foundation on which to build a work in residence and to present the creative process from start to finish. Visual artist, poet, dancer and actor, the prolific creator presents <span style=\"color: #294b3b;\"><em><strong>Le magasin ferme<\/strong><\/em><\/span>, a short piece merging performance art, installation, spoken word, dance, video and visual imagery. The melancholy and sadness of everyday life is palpable and we are drawn to the nostalgia at its heart: a longing for the pre-internet world, when stores were a theatre of meetings, of possibilities and of shared experience.<\/p>\n<hr \/>\n<p><span style=\"color: #294b3b;\">Credits: Ideation, co-creation and performance: Edon Descollines | Creative ally, co-creation and performance: Emma-Kate Guimond | Outside eye: Catherine Bourgeois | Sound design: Arthur Champagne | Lighting design: Audrey-Anne Bouchard | Technical direction and stage management: Audrey Belzile | Production management: P\u00e9n\u00e9lope Bourque.<\/span>[\/vc_column_text][vc_column_text]\n<p style=\"text-align: left;\">\u2192 <a href=\"https:\/\/www.facebook.com\/events\/126929032853813\">facebook event<\/a><\/p>\n<p>\u2192 <a href=\"https:\/\/joejacketjohn.com\">https:\/\/joejacketjohn.com<\/a>[\/vc_column_text][\/vc_column][\/vc_row][vc_row content_placement=&#8221;middle&#8221;][vc_column][vc_column_text]\n<p style=\"text-align: center;\"><span style=\"font-size: 14pt;\"><strong>RELAXED PERFORMANCES<\/strong><\/span><\/p>\n<p style=\"text-align: center;\"><em><span style=\"font-size: 14pt;\">This production is part of MAI&#8217;s 21.22 relaxed programming. A <a href=\"https:\/\/m-a-i.qc.ca\/en\/public-plus\/relaxed-performances\/\">relaxed performance<\/a> refers to a show that is open to all \u2013 particularly those with a sensory or intellectual disability, or a neurological or learning disorder, and for people accompanied by a newborn. The reception, soundscape and visual atmosphere are all designed to create a calm and inclusive environment. For more information, please contact our<a href=\"mailto:billetterie@m-a-i.qc.ca\"> box office team<\/a>.<\/span><\/em><\/p>\n<h2 style=\"text-align: center;\"><a href=\"https:\/\/m-a-i.qc.ca\/wp-content\/uploads\/2021\/10\/GUIDE-reperes_visuels-LMF-lr.pdf\">Guide de rep\u00e8res visuels &#8211; Le magasin ferme<\/a><\/h2>\n<h2 style=\"text-align: center;\"><a href=\"https:\/\/m-a-i.qc.ca\/wp-content\/uploads\/2021\/10\/MAI_Guide-de-reperes_FR_galerie-.docx.pdf\">Guide de rep\u00e8res visuels &#8211; MAI<\/a><\/h2>\n[\/vc_column_text][\/vc_column][\/vc_row][vc_row content_placement=&#8221;middle&#8221;][vc_column][vc_column_text]\n<p style=\"text-align: center;\"><span style=\"font-size: 14pt;\">With the support of MAI&#8217;s residency program.<\/span><\/p>\n[\/vc_column_text][vc_column_text]<a href=\"https:\/\/joejacketjohn.com\/\"><img loading=\"lazy\" decoding=\"async\" class=\"wp-image-9529 size-full aligncenter\" src=\"https:\/\/m-a-i.qc.ca\/wp-content\/uploads\/2021\/08\/LOGO-JoeJacketJohn-NOIR-lettres-blanches-2.jpg\" alt=\"\" width=\"100\" height=\"100\" \/><\/a><\/p>\n<p><a href=\"https:\/\/m-a-i.qc.ca\/en\/public-plus\/relaxed-performances\/\"><img loading=\"lazy\" decoding=\"async\" class=\"wp-image-2506 aligncenter\" src=\"https:\/\/m-a-i.qc.ca\/wp-content\/uploads\/2018\/09\/logoRP.jpg\" alt=\"\" width=\"100\" height=\"100\" srcset=\"https:\/\/m-a-i.qc.ca\/wp-content\/uploads\/2018\/09\/logoRP.jpg 500w, https:\/\/m-a-i.qc.ca\/wp-content\/uploads\/2018\/09\/logoRP-158x158.jpg 158w\" sizes=\"auto, (max-width: 100px) 100vw, 100px\" \/><\/a>[\/vc_column_text][\/vc_column][\/vc_row][vc_row full_width=&#8221;stretch_row&#8221; content_placement=&#8221;middle&#8221; css_animation=&#8221;fadeIn&#8221; css=&#8221;.vc_custom_1629307720908{background-color: #294b3b !important;}&#8221;][vc_column][vc_column_text]\n<h1 style=\"text-align: center;\"><span style=\"color: #ffffff;\"><a style=\"color: #ffffff;\" href=\"https:\/\/m-a-i.tuxedobillet.com\/main\/le-magasin-ferme\">buy a ticket<\/a><\/span><\/h1>\n<p style=\"text-align: center;\"><span style=\"color: #ffffff;\"><a style=\"color: #ffffff;\" href=\"https:\/\/m-a-i.qc.ca\/boxoffice\">about the box office<\/a><\/span><\/p>\n[\/vc_column_text][\/vc_column][\/vc_row]\n","protected":false},"excerpt":{"rendered":"<p>[vc_row css_animation=&#8221;fadeIn&#8221;][vc_column][vc_column_text] October 20 to 23, 2021 [\/vc_column_text][\/vc_column][\/vc_row][vc_row css_animation=&#8221;fadeIn&#8221;][vc_column][vc_column_text] Le magasin ferme [\/vc_column_text][\/vc_column][\/vc_row][vc_row css_animation=&#8221;fadeIn&#8221;][vc_column][vc_single_image image=&#8221;9824&#8243; img_size=&#8221;full&#8221; add_caption=&#8221;yes&#8221; alignment=&#8221;center&#8221; style=&#8221;vc_box_rounded&#8221; css_animation=&#8221;fadeInUp&#8221;][\/vc_column][\/vc_row][vc_row full_width=&#8221;stretch_row&#8221; css_animation=&#8221;fadeIn&#8221; css=&#8221;.vc_custom_1629240370838{background-color: #bcd2cd [&hellip;]<\/p>\n","protected":false},"author":9,"featured_media":0,"parent":0,"menu_order":0,"comment_status":"closed","ping_status":"closed","template":"","meta":{"footnotes":""},"class_list":["post-9985","page","type-page","status-publish","hentry"],"acf":[],"yoast_head":"<!-- This site is optimized with the Yoast SEO plugin v19.13 - https:\/\/yoast.com\/wordpress\/plugins\/seo\/ -->\n<title>Edon Descollines (Joe Jack &amp; John) &mdash; MAI | Montr\u00e9al, arts interculturels<\/title>\n<meta name=\"robots\" content=\"index, follow, max-snippet:-1, max-image-preview:large, max-video-preview:-1\" \/>\n<link rel=\"canonical\" href=\"https:\/\/m-a-i.qc.ca\/en\/edon-descollines\/\" \/>\n<meta property=\"og:locale\" content=\"en_US\" \/>\n<meta property=\"og:type\" content=\"article\" \/>\n<meta property=\"og:title\" content=\"Edon Descollines (Joe Jack &amp; John) &mdash; MAI | Montr\u00e9al, arts interculturels\" \/>\n<meta property=\"og:description\" content=\"[vc_row css_animation=&#8221;fadeIn&#8221;][vc_column][vc_column_text] October 20 to 23, 2021 [\/vc_column_text][\/vc_column][\/vc_row][vc_row css_animation=&#8221;fadeIn&#8221;][vc_column][vc_column_text] Le magasin ferme [\/vc_column_text][\/vc_column][\/vc_row][vc_row css_animation=&#8221;fadeIn&#8221;][vc_column][vc_single_image image=&#8221;9824&#8243; img_size=&#8221;full&#8221; add_caption=&#8221;yes&#8221; alignment=&#8221;center&#8221; style=&#8221;vc_box_rounded&#8221; css_animation=&#8221;fadeInUp&#8221;][\/vc_column][\/vc_row][vc_row full_width=&#8221;stretch_row&#8221; css_animation=&#8221;fadeIn&#8221; css=&#8221;.vc_custom_1629240370838{background-color: #bcd2cd [&hellip;]\" \/>\n<meta property=\"og:url\" content=\"https:\/\/m-a-i.qc.ca\/en\/edon-descollines\/\" \/>\n<meta property=\"og:site_name\" content=\"MAI | Montr\u00e9al, arts interculturels\" \/>\n<meta property=\"article:publisher\" content=\"http:\/\/facebook.com\/mtlartsinter\" \/>\n<meta property=\"article:modified_time\" content=\"2021-10-06T19:04:55+00:00\" \/>\n<meta property=\"og:image\" content=\"https:\/\/m-a-i.qc.ca\/wp-content\/uploads\/2021\/08\/LOGO-JoeJacketJohn-NOIR-lettres-blanches-2.jpg\" \/>\n<meta name=\"twitter:card\" content=\"summary_large_image\" \/>\n<meta name=\"twitter:site\" content=\"@mtlartsinter\" \/>\n<meta name=\"twitter:label1\" content=\"Est. reading time\" \/>\n\t<meta name=\"twitter:data1\" content=\"3 minutes\" \/>\n<script type=\"application\/ld+json\" class=\"yoast-schema-graph\">{\"@context\":\"https:\/\/schema.org\",\"@graph\":[{\"@type\":\"WebPage\",\"@id\":\"https:\/\/m-a-i.qc.ca\/en\/edon-descollines\/\",\"url\":\"https:\/\/m-a-i.qc.ca\/en\/edon-descollines\/\",\"name\":\"Edon Descollines (Joe Jack & John) &mdash; MAI | Montr\u00e9al, arts interculturels\",\"isPartOf\":{\"@id\":\"https:\/\/www.m-a-i.qc.ca\/en\/#website\"},\"datePublished\":\"2021-08-18T21:08:23+00:00\",\"dateModified\":\"2021-10-06T19:04:55+00:00\",\"breadcrumb\":{\"@id\":\"https:\/\/m-a-i.qc.ca\/en\/edon-descollines\/#breadcrumb\"},\"inLanguage\":\"en-US\",\"potentialAction\":[{\"@type\":\"ReadAction\",\"target\":[\"https:\/\/m-a-i.qc.ca\/en\/edon-descollines\/\"]}]},{\"@type\":\"BreadcrumbList\",\"@id\":\"https:\/\/m-a-i.qc.ca\/en\/edon-descollines\/#breadcrumb\",\"itemListElement\":[{\"@type\":\"ListItem\",\"position\":1,\"name\":\"Accueil\",\"item\":\"https:\/\/m-a-i.qc.ca\/en\/\"},{\"@type\":\"ListItem\",\"position\":2,\"name\":\"edon descollines (joe jack &amp;#038; john)\"}]},{\"@type\":\"WebSite\",\"@id\":\"https:\/\/www.m-a-i.qc.ca\/en\/#website\",\"url\":\"https:\/\/www.m-a-i.qc.ca\/en\/\",\"name\":\"MAI | Montr\u00e9al, arts interculturels\",\"description\":\"La perle des arts interculturels au c\u0153ur de Montr\u00e9al. Arts visuels, th\u00e9\u00e2tre, danse, musique et arts interdisciplinaires. + de 40 \u00e9v\u00e8nements par an\",\"publisher\":{\"@id\":\"https:\/\/www.m-a-i.qc.ca\/en\/#organization\"},\"potentialAction\":[{\"@type\":\"SearchAction\",\"target\":{\"@type\":\"EntryPoint\",\"urlTemplate\":\"https:\/\/www.m-a-i.qc.ca\/en\/?s={search_term_string}\"},\"query-input\":\"required name=search_term_string\"}],\"inLanguage\":\"en-US\"},{\"@type\":\"Organization\",\"@id\":\"https:\/\/www.m-a-i.qc.ca\/en\/#organization\",\"name\":\"MAI (Montr\u00e9al, arts interculturels)\",\"url\":\"https:\/\/www.m-a-i.qc.ca\/en\/\",\"logo\":{\"@type\":\"ImageObject\",\"inLanguage\":\"en-US\",\"@id\":\"https:\/\/www.m-a-i.qc.ca\/en\/#\/schema\/logo\/image\/\",\"url\":\"https:\/\/m-a-i.qc.ca\/wp-content\/uploads\/2024\/02\/logo_mai_noir-1.png\",\"contentUrl\":\"https:\/\/m-a-i.qc.ca\/wp-content\/uploads\/2024\/02\/logo_mai_noir-1.png\",\"width\":1152,\"height\":1152,\"caption\":\"MAI (Montr\u00e9al, arts interculturels)\"},\"image\":{\"@id\":\"https:\/\/www.m-a-i.qc.ca\/en\/#\/schema\/logo\/image\/\"},\"sameAs\":[\"http:\/\/instagram.com\/mtlartsinter\",\"http:\/\/linkedin.com\/company\/mtlartsinter\",\"https:\/\/fr.wikipedia.org\/wiki\/Montral_arts_interculturels\",\"http:\/\/facebook.com\/mtlartsinter\",\"https:\/\/twitter.com\/mtlartsinter\"]}]}<\/script>\n<!-- \/ Yoast SEO plugin. -->","yoast_head_json":{"title":"Edon Descollines (Joe Jack & John) &mdash; MAI | Montr\u00e9al, arts interculturels","robots":{"index":"index","follow":"follow","max-snippet":"max-snippet:-1","max-image-preview":"max-image-preview:large","max-video-preview":"max-video-preview:-1"},"canonical":"https:\/\/m-a-i.qc.ca\/en\/edon-descollines\/","og_locale":"en_US","og_type":"article","og_title":"Edon Descollines (Joe Jack & John) &mdash; MAI | Montr\u00e9al, arts interculturels","og_description":"[vc_row css_animation=&#8221;fadeIn&#8221;][vc_column][vc_column_text] October 20 to 23, 2021 [\/vc_column_text][\/vc_column][\/vc_row][vc_row css_animation=&#8221;fadeIn&#8221;][vc_column][vc_column_text] Le magasin ferme [\/vc_column_text][\/vc_column][\/vc_row][vc_row css_animation=&#8221;fadeIn&#8221;][vc_column][vc_single_image image=&#8221;9824&#8243; img_size=&#8221;full&#8221; add_caption=&#8221;yes&#8221; alignment=&#8221;center&#8221; style=&#8221;vc_box_rounded&#8221; css_animation=&#8221;fadeInUp&#8221;][\/vc_column][\/vc_row][vc_row full_width=&#8221;stretch_row&#8221; css_animation=&#8221;fadeIn&#8221; css=&#8221;.vc_custom_1629240370838{background-color: #bcd2cd [&hellip;]","og_url":"https:\/\/m-a-i.qc.ca\/en\/edon-descollines\/","og_site_name":"MAI | Montr\u00e9al, arts interculturels","article_publisher":"http:\/\/facebook.com\/mtlartsinter","article_modified_time":"2021-10-06T19:04:55+00:00","og_image":[{"url":"https:\/\/m-a-i.qc.ca\/wp-content\/uploads\/2021\/08\/LOGO-JoeJacketJohn-NOIR-lettres-blanches-2.jpg"}],"twitter_card":"summary_large_image","twitter_site":"@mtlartsinter","twitter_misc":{"Est. reading time":"3 minutes"},"schema":{"@context":"https:\/\/schema.org","@graph":[{"@type":"WebPage","@id":"https:\/\/m-a-i.qc.ca\/en\/edon-descollines\/","url":"https:\/\/m-a-i.qc.ca\/en\/edon-descollines\/","name":"Edon Descollines (Joe Jack & John) &mdash; MAI | Montr\u00e9al, arts interculturels","isPartOf":{"@id":"https:\/\/www.m-a-i.qc.ca\/en\/#website"},"datePublished":"2021-08-18T21:08:23+00:00","dateModified":"2021-10-06T19:04:55+00:00","breadcrumb":{"@id":"https:\/\/m-a-i.qc.ca\/en\/edon-descollines\/#breadcrumb"},"inLanguage":"en-US","potentialAction":[{"@type":"ReadAction","target":["https:\/\/m-a-i.qc.ca\/en\/edon-descollines\/"]}]},{"@type":"BreadcrumbList","@id":"https:\/\/m-a-i.qc.ca\/en\/edon-descollines\/#breadcrumb","itemListElement":[{"@type":"ListItem","position":1,"name":"Accueil","item":"https:\/\/m-a-i.qc.ca\/en\/"},{"@type":"ListItem","position":2,"name":"edon descollines (joe jack &amp;#038; john)"}]},{"@type":"WebSite","@id":"https:\/\/www.m-a-i.qc.ca\/en\/#website","url":"https:\/\/www.m-a-i.qc.ca\/en\/","name":"MAI | Montr\u00e9al, arts interculturels","description":"La perle des arts interculturels au c\u0153ur de Montr\u00e9al. Arts visuels, th\u00e9\u00e2tre, danse, musique et arts interdisciplinaires. + de 40 \u00e9v\u00e8nements par an","publisher":{"@id":"https:\/\/www.m-a-i.qc.ca\/en\/#organization"},"potentialAction":[{"@type":"SearchAction","target":{"@type":"EntryPoint","urlTemplate":"https:\/\/www.m-a-i.qc.ca\/en\/?s={search_term_string}"},"query-input":"required name=search_term_string"}],"inLanguage":"en-US"},{"@type":"Organization","@id":"https:\/\/www.m-a-i.qc.ca\/en\/#organization","name":"MAI (Montr\u00e9al, arts interculturels)","url":"https:\/\/www.m-a-i.qc.ca\/en\/","logo":{"@type":"ImageObject","inLanguage":"en-US","@id":"https:\/\/www.m-a-i.qc.ca\/en\/#\/schema\/logo\/image\/","url":"https:\/\/m-a-i.qc.ca\/wp-content\/uploads\/2024\/02\/logo_mai_noir-1.png","contentUrl":"https:\/\/m-a-i.qc.ca\/wp-content\/uploads\/2024\/02\/logo_mai_noir-1.png","width":1152,"height":1152,"caption":"MAI (Montr\u00e9al, arts interculturels)"},"image":{"@id":"https:\/\/www.m-a-i.qc.ca\/en\/#\/schema\/logo\/image\/"},"sameAs":["http:\/\/instagram.com\/mtlartsinter","http:\/\/linkedin.com\/company\/mtlartsinter","https:\/\/fr.wikipedia.org\/wiki\/Montral_arts_interculturels","http:\/\/facebook.com\/mtlartsinter","https:\/\/twitter.com\/mtlartsinter"]}]}},"_links":{"self":[{"href":"https:\/\/m-a-i.qc.ca\/en\/wp-json\/wp\/v2\/pages\/9985","targetHints":{"allow":["GET"]}}],"collection":[{"href":"https:\/\/m-a-i.qc.ca\/en\/wp-json\/wp\/v2\/pages"}],"about":[{"href":"https:\/\/m-a-i.qc.ca\/en\/wp-json\/wp\/v2\/types\/page"}],"author":[{"embeddable":true,"href":"https:\/\/m-a-i.qc.ca\/en\/wp-json\/wp\/v2\/users\/9"}],"replies":[{"embeddable":true,"href":"https:\/\/m-a-i.qc.ca\/en\/wp-json\/wp\/v2\/comments?post=9985"}],"version-history":[{"count":16,"href":"https:\/\/m-a-i.qc.ca\/en\/wp-json\/wp\/v2\/pages\/9985\/revisions"}],"predecessor-version":[{"id":10638,"href":"https:\/\/m-a-i.qc.ca\/en\/wp-json\/wp\/v2\/pages\/9985\/revisions\/10638"}],"wp:attachment":[{"href":"https:\/\/m-a-i.qc.ca\/en\/wp-json\/wp\/v2\/media?parent=9985"}],"curies":[{"name":"wp","href":"https:\/\/api.w.org\/{rel}","templated":true}]}}