{"id":10150,"date":"2021-08-19T10:38:42","date_gmt":"2021-08-19T14:38:42","guid":{"rendered":"https:\/\/m-a-i.qc.ca\/?page_id=10150"},"modified":"2022-04-21T17:48:26","modified_gmt":"2022-04-21T21:48:26","slug":"kim-sanh-chau-equivoc","status":"publish","type":"page","link":"https:\/\/m-a-i.qc.ca\/en\/kim-sanh-chau-equivoc\/","title":{"rendered":"ch\u00e2u kim-sanh (equivoc')"},"content":{"rendered":"[vc_row css_animation=&#8221;fadeIn&#8221;][vc_column][vc_column_text]\n<h2 style=\"text-align: center;\">April 28 to 30, 2022<\/h2>\n[\/vc_column_text][\/vc_column][\/vc_row][vc_row css_animation=&#8221;fadeIn&#8221;][vc_column][vc_column_text]\n<h1 style=\"text-align: center;\"><span style=\"color: #294b3b;\">BLEU N\u00c9ON<\/span><\/h1>\n[\/vc_column_text][\/vc_column][\/vc_row][vc_row css_animation=&#8221;fadeIn&#8221;][vc_column][vc_single_image image=&#8221;12058&#8243; img_size=&#8221;full&#8221; add_caption=&#8221;yes&#8221; alignment=&#8221;center&#8221; style=&#8221;vc_box_rounded&#8221; css_animation=&#8221;fadeInUp&#8221;][\/vc_column][\/vc_row][vc_row full_width=&#8221;stretch_row&#8221; css_animation=&#8221;fadeIn&#8221; css=&#8221;.vc_custom_1629240370838{background-color: #bcd2cd !important;}&#8221;][vc_column width=&#8221;1\/4&#8243;][vc_column_text]\n<h2 style=\"text-align: right;\">MONTREAL<\/h2>\n<h2 style=\"text-align: right;\">PERFORMANCE<\/h2>\n<h2 style=\"text-align: right;\">PRESENTED IN VIETNAMESE<\/h2>\n[\/vc_column_text][vc_column_text]\n<p style=\"text-align: right;\">April 28, 2022: 7:30 p.m.<\/p>\n<p style=\"text-align: right;\">April 29, 2022: 7:30 p.m.<\/p>\n<p style=\"text-align: right;\">April 30, 2022:\u00a0 2:00 p.m.<\/p>\n<p style=\"text-align: right;\">April 30, 2022:\u00a0 7:30 p.m.<\/p>\n[\/vc_column_text][\/vc_column][vc_column width=&#8221;3\/4&#8243;][vc_column_text]In a distant, fictional Vietnam, the echoes of pop music on cassette tape reverberate against the sounds of modern Vietnamese rap. <span style=\"color: #003300;\"><strong> Ch\u00e2u <\/strong><\/span><span style=\"color: #003300;\"><strong>Kim-Sanh<\/strong><\/span>\u00a0inhabits this space, metamorphosing through bodily states generated by the presence of coloured neon lights. Of this evening blue erupts a purpleness: <strong><span style=\"color: #003300;\">\u201cb\u1ea7u tr\u1eddi m\u00e0u t\u00edm x\u1ea9m\u201d<\/span><\/strong> \u2013 an uncertain translation. Eyes closed, the neon haze returns her to the sensation of her ancestral land. Saigon, like many cities in South Asia, is flushed with these vivid lights. Here, embodied memory and the imaginary take a ride on a Honda Dream II motorcycle, across a humid sky whose wetness whips the face.<br \/>\nThis solo is performed in its entirety from the squat position &#8211; a typically Asian posture. Audio recordings bespeckle the choreography, navigating between fantasized nostalgia, loss of language and sexual objectification \u2013 all three widely experienced by Asian diasporic populations. In Southeast Asia, rap culture is increasingly popular \u2013 giving a voice to a population marked by silence. Rap here is a prayer.<\/p>\n<hr \/>\n<p><span style=\"color: #294b3b;\">Credits: Choreography &amp; performance : Ch\u00e2u Kim Sanh \/ Music &amp; rap : Hazy Montagne Mystique, Chittakone Baccam (composition), JONAIR, Duy Quang Vu (paroles rap), R\u1eafn C\u1ea1p \u0110u\u00f4i Collective \/ Rehearsals : Louise Michel Jackson \/ Dramaturgy : Be Heintzman Hope \/ Production : Andrea Rideout \/ Technique &amp; lighting : Jon Cleveland \/ Video : Guillaume Vall\u00e9e \/ Photos : Kinga Michalska.<\/span>[\/vc_column_text][vc_column_text]\n<p style=\"text-align: left;\">\u2192 <a href=\"https:\/\/www.facebook.com\/events\/338319951185523\">facebook event<\/a><\/p>\n<p style=\"text-align: left;\">\u2192 <a href=\"https:\/\/kimsanhchau.com\/\">https:\/\/kimsanhchau.com\/<\/a><\/p>\n<p style=\"text-align: left;\">\u2192\u00a0<a href=\"https:\/\/equivoc.org\/\">https:\/\/equivoc.org\/<\/a><\/p>\n[\/vc_column_text][\/vc_column][\/vc_row][vc_row][vc_column][vc_separator][\/vc_column][\/vc_row][vc_row][vc_column][vc_column_text]\n<p style=\"text-align: center;\">All <span style=\"color: #003300;\"><em><strong>BLEU N\u00c9ON<\/strong><\/em><\/span> performances are relaxed performances.<\/p>\n<p style=\"text-align: center;\">There is a more relaxed attitude to noise and movement within the theatre during the performance. The reception, soundscape and visual atmosphere are adapted to create a calm and inclusive environment. Additional support tools are also made available to the audience, such as a detailed show guide, visual stories, familiarization visits, etc. <a href=\"https:\/\/m-a-i.qc.ca\/en\/public-plus\/relaxed-performances\/\">Relaxed performances (RP)<\/a> are open to all, and may specifically address the needs of people who identify with a sensory or intellectual disability, a neurological or learning disability, people who experience anxiety, people with newborns or anyone who is uncomfortable with the conventions of a traditional theatre environment.<\/p>\n<p style=\"text-align: center;\">For more information, visite MAI\u2019s website page <a href=\"https:\/\/m-a-i.qc.ca\/en\/public-plus\/relaxed-performances\/\">Relaxed performances<\/a>.<\/p>\n[\/vc_column_text][\/vc_column][\/vc_row][vc_row][vc_column][vc_separator][\/vc_column][\/vc_row][vc_row content_placement=&#8221;middle&#8221;][vc_column][vc_column_text]\n<h3 style=\"text-align: center;\"><a href=\"https:\/\/m-a-i.qc.ca\/wp-content\/uploads\/2022\/04\/Guide_Bleu_Neon_2022_EN.pdf\">Performance guide &#8211; BLEU N\u00c9ON<\/a><\/h3>\n<p style=\"text-align: center;\">The performance\u00a0guide\u00a0explains what the show is about, what the themes are, the sensitive subjects as well as the sound and visual effects. It also includes the members of the artistic team, a glossary and details the course of the evening\/afternoon.<\/p>\n<h3 style=\"text-align: center;\"><a href=\"https:\/\/m-a-i.qc.ca\/wp-content\/uploads\/2022\/04\/Guide_MAI_Visual_Story_ENG_2022.pdf\">Visual Story &#8211; MAI<\/a><\/h3>\n<p style=\"text-align: center;\">The document is designed to help make the experience at MAI\u00a0accessible and understandable to all people.<\/p>\n[\/vc_column_text][\/vc_column][\/vc_row][vc_row][vc_column][vc_separator][\/vc_column][\/vc_row][vc_row content_placement=&#8221;middle&#8221;][vc_column][vc_column_text]\n<p style=\"text-align: center;\"><span style=\"font-size: 14pt;\">With the support of MAI&#8217;s residency program.<\/span><\/p>\n[\/vc_column_text][vc_column_text]<a href=\"https:\/\/equivoc.org\/\"><img loading=\"lazy\" decoding=\"async\" class=\"alignnone size-full wp-image-9535 aligncenter\" src=\"https:\/\/m-a-i.qc.ca\/wp-content\/uploads\/2021\/08\/Logo_Equivoc_fond_blanc.jpg\" alt=\"\" width=\"100\" height=\"100\" \/><\/a><\/p>\n<p style=\"text-align: center;\"><a href=\"https:\/\/m-a-i.qc.ca\/en\/public-plus\/relaxed-performances\/\"><img loading=\"lazy\" decoding=\"async\" class=\"alignnone wp-image-2506\" src=\"https:\/\/m-a-i.qc.ca\/wp-content\/uploads\/2018\/09\/logoRP.jpg\" alt=\"\" width=\"100\" height=\"100\" srcset=\"https:\/\/m-a-i.qc.ca\/wp-content\/uploads\/2018\/09\/logoRP.jpg 500w, https:\/\/m-a-i.qc.ca\/wp-content\/uploads\/2018\/09\/logoRP-158x158.jpg 158w\" sizes=\"auto, (max-width: 100px) 100vw, 100px\" \/><\/a><\/p>\n[\/vc_column_text][\/vc_column][\/vc_row][vc_row full_width=&#8221;stretch_row&#8221; content_placement=&#8221;middle&#8221; css_animation=&#8221;fadeIn&#8221; css=&#8221;.vc_custom_1629307720908{background-color: #294b3b !important;}&#8221;][vc_column][vc_column_text]\n<h1 style=\"text-align: center;\"><span style=\"color: #ffffff;\"><a style=\"color: #ffffff;\" href=\"https:\/\/m-a-i.tuxedobillet.com\/main\/bleu-neon-de-xanh-xam-ne-on\">buy a ticket<\/a><\/span><\/h1>\n<p style=\"text-align: center;\"><span style=\"color: #ffffff;\"><a style=\"color: #ffffff;\" href=\"https:\/\/m-a-i.qc.ca\/en\/boxoffice\/\">about the box office<\/a><\/span><\/p>\n[\/vc_column_text][\/vc_column][\/vc_row]\n","protected":false},"excerpt":{"rendered":"<p>[vc_row css_animation=&#8221;fadeIn&#8221;][vc_column][vc_column_text] April 28 to 30, 2022 [\/vc_column_text][\/vc_column][\/vc_row][vc_row css_animation=&#8221;fadeIn&#8221;][vc_column][vc_column_text] BLEU N\u00c9ON [\/vc_column_text][\/vc_column][\/vc_row][vc_row css_animation=&#8221;fadeIn&#8221;][vc_column][vc_single_image image=&#8221;12058&#8243; img_size=&#8221;full&#8221; add_caption=&#8221;yes&#8221; alignment=&#8221;center&#8221; style=&#8221;vc_box_rounded&#8221; css_animation=&#8221;fadeInUp&#8221;][\/vc_column][\/vc_row][vc_row full_width=&#8221;stretch_row&#8221; css_animation=&#8221;fadeIn&#8221; css=&#8221;.vc_custom_1629240370838{background-color: #bcd2cd !important;}&#8221;][vc_column [&hellip;]<\/p>\n","protected":false},"author":4,"featured_media":0,"parent":0,"menu_order":0,"comment_status":"closed","ping_status":"closed","template":"","meta":{"footnotes":""},"class_list":["post-10150","page","type-page","status-publish","hentry"],"acf":[],"yoast_head":"<!-- This site is optimized with the Yoast SEO plugin v19.13 - https:\/\/yoast.com\/wordpress\/plugins\/seo\/ -->\n<title>Ch\u00e2u Kim-Sanh (Equivoc&#039;) &mdash; MAI | Montr\u00e9al, arts interculturels<\/title>\n<meta name=\"robots\" content=\"index, follow, max-snippet:-1, max-image-preview:large, max-video-preview:-1\" \/>\n<link rel=\"canonical\" href=\"https:\/\/m-a-i.qc.ca\/en\/kim-sanh-chau-equivoc\/\" \/>\n<meta property=\"og:locale\" content=\"en_US\" \/>\n<meta property=\"og:type\" content=\"article\" \/>\n<meta property=\"og:title\" content=\"Ch\u00e2u Kim-Sanh (Equivoc&#039;) &mdash; MAI | Montr\u00e9al, arts interculturels\" \/>\n<meta property=\"og:description\" content=\"[vc_row css_animation=&#8221;fadeIn&#8221;][vc_column][vc_column_text] April 28 to 30, 2022 [\/vc_column_text][\/vc_column][\/vc_row][vc_row css_animation=&#8221;fadeIn&#8221;][vc_column][vc_column_text] BLEU N\u00c9ON [\/vc_column_text][\/vc_column][\/vc_row][vc_row css_animation=&#8221;fadeIn&#8221;][vc_column][vc_single_image image=&#8221;12058&#8243; img_size=&#8221;full&#8221; add_caption=&#8221;yes&#8221; alignment=&#8221;center&#8221; style=&#8221;vc_box_rounded&#8221; css_animation=&#8221;fadeInUp&#8221;][\/vc_column][\/vc_row][vc_row full_width=&#8221;stretch_row&#8221; css_animation=&#8221;fadeIn&#8221; css=&#8221;.vc_custom_1629240370838{background-color: #bcd2cd !important;}&#8221;][vc_column [&hellip;]\" \/>\n<meta property=\"og:url\" content=\"https:\/\/m-a-i.qc.ca\/en\/kim-sanh-chau-equivoc\/\" \/>\n<meta property=\"og:site_name\" content=\"MAI | Montr\u00e9al, arts interculturels\" \/>\n<meta property=\"article:publisher\" content=\"http:\/\/facebook.com\/mtlartsinter\" \/>\n<meta property=\"article:modified_time\" content=\"2022-04-21T21:48:26+00:00\" \/>\n<meta property=\"og:image\" content=\"https:\/\/m-a-i.qc.ca\/wp-content\/uploads\/2021\/08\/Logo_Equivoc_fond_blanc.jpg\" \/>\n<meta name=\"twitter:card\" content=\"summary_large_image\" \/>\n<meta name=\"twitter:site\" content=\"@mtlartsinter\" \/>\n<meta name=\"twitter:label1\" content=\"Est. reading time\" \/>\n\t<meta name=\"twitter:data1\" content=\"3 minutes\" \/>\n<script type=\"application\/ld+json\" class=\"yoast-schema-graph\">{\"@context\":\"https:\/\/schema.org\",\"@graph\":[{\"@type\":\"WebPage\",\"@id\":\"https:\/\/m-a-i.qc.ca\/en\/kim-sanh-chau-equivoc\/\",\"url\":\"https:\/\/m-a-i.qc.ca\/en\/kim-sanh-chau-equivoc\/\",\"name\":\"Ch\u00e2u Kim-Sanh (Equivoc') &mdash; MAI | Montr\u00e9al, arts interculturels\",\"isPartOf\":{\"@id\":\"https:\/\/www.m-a-i.qc.ca\/en\/#website\"},\"datePublished\":\"2021-08-19T14:38:42+00:00\",\"dateModified\":\"2022-04-21T21:48:26+00:00\",\"breadcrumb\":{\"@id\":\"https:\/\/m-a-i.qc.ca\/en\/kim-sanh-chau-equivoc\/#breadcrumb\"},\"inLanguage\":\"en-US\",\"potentialAction\":[{\"@type\":\"ReadAction\",\"target\":[\"https:\/\/m-a-i.qc.ca\/en\/kim-sanh-chau-equivoc\/\"]}]},{\"@type\":\"BreadcrumbList\",\"@id\":\"https:\/\/m-a-i.qc.ca\/en\/kim-sanh-chau-equivoc\/#breadcrumb\",\"itemListElement\":[{\"@type\":\"ListItem\",\"position\":1,\"name\":\"Accueil\",\"item\":\"https:\/\/m-a-i.qc.ca\/en\/\"},{\"@type\":\"ListItem\",\"position\":2,\"name\":\"ch\u00e2u kim-sanh (equivoc')\"}]},{\"@type\":\"WebSite\",\"@id\":\"https:\/\/www.m-a-i.qc.ca\/en\/#website\",\"url\":\"https:\/\/www.m-a-i.qc.ca\/en\/\",\"name\":\"MAI | Montr\u00e9al, arts interculturels\",\"description\":\"La perle des arts interculturels au c\u0153ur de Montr\u00e9al. Arts visuels, th\u00e9\u00e2tre, danse, musique et arts interdisciplinaires. + de 40 \u00e9v\u00e8nements par an\",\"publisher\":{\"@id\":\"https:\/\/www.m-a-i.qc.ca\/en\/#organization\"},\"potentialAction\":[{\"@type\":\"SearchAction\",\"target\":{\"@type\":\"EntryPoint\",\"urlTemplate\":\"https:\/\/www.m-a-i.qc.ca\/en\/?s={search_term_string}\"},\"query-input\":\"required name=search_term_string\"}],\"inLanguage\":\"en-US\"},{\"@type\":\"Organization\",\"@id\":\"https:\/\/www.m-a-i.qc.ca\/en\/#organization\",\"name\":\"MAI (Montr\u00e9al, arts interculturels)\",\"url\":\"https:\/\/www.m-a-i.qc.ca\/en\/\",\"logo\":{\"@type\":\"ImageObject\",\"inLanguage\":\"en-US\",\"@id\":\"https:\/\/www.m-a-i.qc.ca\/en\/#\/schema\/logo\/image\/\",\"url\":\"https:\/\/m-a-i.qc.ca\/wp-content\/uploads\/2024\/02\/logo_mai_noir-1.png\",\"contentUrl\":\"https:\/\/m-a-i.qc.ca\/wp-content\/uploads\/2024\/02\/logo_mai_noir-1.png\",\"width\":1152,\"height\":1152,\"caption\":\"MAI (Montr\u00e9al, arts interculturels)\"},\"image\":{\"@id\":\"https:\/\/www.m-a-i.qc.ca\/en\/#\/schema\/logo\/image\/\"},\"sameAs\":[\"http:\/\/instagram.com\/mtlartsinter\",\"http:\/\/linkedin.com\/company\/mtlartsinter\",\"https:\/\/fr.wikipedia.org\/wiki\/Montral_arts_interculturels\",\"http:\/\/facebook.com\/mtlartsinter\",\"https:\/\/twitter.com\/mtlartsinter\"]}]}<\/script>\n<!-- \/ Yoast SEO plugin. -->","yoast_head_json":{"title":"Ch\u00e2u Kim-Sanh (Equivoc') &mdash; MAI | Montr\u00e9al, arts interculturels","robots":{"index":"index","follow":"follow","max-snippet":"max-snippet:-1","max-image-preview":"max-image-preview:large","max-video-preview":"max-video-preview:-1"},"canonical":"https:\/\/m-a-i.qc.ca\/en\/kim-sanh-chau-equivoc\/","og_locale":"en_US","og_type":"article","og_title":"Ch\u00e2u Kim-Sanh (Equivoc') &mdash; MAI | Montr\u00e9al, arts interculturels","og_description":"[vc_row css_animation=&#8221;fadeIn&#8221;][vc_column][vc_column_text] April 28 to 30, 2022 [\/vc_column_text][\/vc_column][\/vc_row][vc_row css_animation=&#8221;fadeIn&#8221;][vc_column][vc_column_text] BLEU N\u00c9ON [\/vc_column_text][\/vc_column][\/vc_row][vc_row css_animation=&#8221;fadeIn&#8221;][vc_column][vc_single_image image=&#8221;12058&#8243; img_size=&#8221;full&#8221; add_caption=&#8221;yes&#8221; alignment=&#8221;center&#8221; style=&#8221;vc_box_rounded&#8221; css_animation=&#8221;fadeInUp&#8221;][\/vc_column][\/vc_row][vc_row full_width=&#8221;stretch_row&#8221; css_animation=&#8221;fadeIn&#8221; css=&#8221;.vc_custom_1629240370838{background-color: #bcd2cd !important;}&#8221;][vc_column [&hellip;]","og_url":"https:\/\/m-a-i.qc.ca\/en\/kim-sanh-chau-equivoc\/","og_site_name":"MAI | Montr\u00e9al, arts interculturels","article_publisher":"http:\/\/facebook.com\/mtlartsinter","article_modified_time":"2022-04-21T21:48:26+00:00","og_image":[{"url":"https:\/\/m-a-i.qc.ca\/wp-content\/uploads\/2021\/08\/Logo_Equivoc_fond_blanc.jpg"}],"twitter_card":"summary_large_image","twitter_site":"@mtlartsinter","twitter_misc":{"Est. reading time":"3 minutes"},"schema":{"@context":"https:\/\/schema.org","@graph":[{"@type":"WebPage","@id":"https:\/\/m-a-i.qc.ca\/en\/kim-sanh-chau-equivoc\/","url":"https:\/\/m-a-i.qc.ca\/en\/kim-sanh-chau-equivoc\/","name":"Ch\u00e2u Kim-Sanh (Equivoc') &mdash; MAI | Montr\u00e9al, arts interculturels","isPartOf":{"@id":"https:\/\/www.m-a-i.qc.ca\/en\/#website"},"datePublished":"2021-08-19T14:38:42+00:00","dateModified":"2022-04-21T21:48:26+00:00","breadcrumb":{"@id":"https:\/\/m-a-i.qc.ca\/en\/kim-sanh-chau-equivoc\/#breadcrumb"},"inLanguage":"en-US","potentialAction":[{"@type":"ReadAction","target":["https:\/\/m-a-i.qc.ca\/en\/kim-sanh-chau-equivoc\/"]}]},{"@type":"BreadcrumbList","@id":"https:\/\/m-a-i.qc.ca\/en\/kim-sanh-chau-equivoc\/#breadcrumb","itemListElement":[{"@type":"ListItem","position":1,"name":"Accueil","item":"https:\/\/m-a-i.qc.ca\/en\/"},{"@type":"ListItem","position":2,"name":"ch\u00e2u kim-sanh (equivoc')"}]},{"@type":"WebSite","@id":"https:\/\/www.m-a-i.qc.ca\/en\/#website","url":"https:\/\/www.m-a-i.qc.ca\/en\/","name":"MAI | Montr\u00e9al, arts interculturels","description":"La perle des arts interculturels au c\u0153ur de Montr\u00e9al. Arts visuels, th\u00e9\u00e2tre, danse, musique et arts interdisciplinaires. + de 40 \u00e9v\u00e8nements par an","publisher":{"@id":"https:\/\/www.m-a-i.qc.ca\/en\/#organization"},"potentialAction":[{"@type":"SearchAction","target":{"@type":"EntryPoint","urlTemplate":"https:\/\/www.m-a-i.qc.ca\/en\/?s={search_term_string}"},"query-input":"required name=search_term_string"}],"inLanguage":"en-US"},{"@type":"Organization","@id":"https:\/\/www.m-a-i.qc.ca\/en\/#organization","name":"MAI (Montr\u00e9al, arts interculturels)","url":"https:\/\/www.m-a-i.qc.ca\/en\/","logo":{"@type":"ImageObject","inLanguage":"en-US","@id":"https:\/\/www.m-a-i.qc.ca\/en\/#\/schema\/logo\/image\/","url":"https:\/\/m-a-i.qc.ca\/wp-content\/uploads\/2024\/02\/logo_mai_noir-1.png","contentUrl":"https:\/\/m-a-i.qc.ca\/wp-content\/uploads\/2024\/02\/logo_mai_noir-1.png","width":1152,"height":1152,"caption":"MAI (Montr\u00e9al, arts interculturels)"},"image":{"@id":"https:\/\/www.m-a-i.qc.ca\/en\/#\/schema\/logo\/image\/"},"sameAs":["http:\/\/instagram.com\/mtlartsinter","http:\/\/linkedin.com\/company\/mtlartsinter","https:\/\/fr.wikipedia.org\/wiki\/Montral_arts_interculturels","http:\/\/facebook.com\/mtlartsinter","https:\/\/twitter.com\/mtlartsinter"]}]}},"_links":{"self":[{"href":"https:\/\/m-a-i.qc.ca\/en\/wp-json\/wp\/v2\/pages\/10150","targetHints":{"allow":["GET"]}}],"collection":[{"href":"https:\/\/m-a-i.qc.ca\/en\/wp-json\/wp\/v2\/pages"}],"about":[{"href":"https:\/\/m-a-i.qc.ca\/en\/wp-json\/wp\/v2\/types\/page"}],"author":[{"embeddable":true,"href":"https:\/\/m-a-i.qc.ca\/en\/wp-json\/wp\/v2\/users\/4"}],"replies":[{"embeddable":true,"href":"https:\/\/m-a-i.qc.ca\/en\/wp-json\/wp\/v2\/comments?post=10150"}],"version-history":[{"count":25,"href":"https:\/\/m-a-i.qc.ca\/en\/wp-json\/wp\/v2\/pages\/10150\/revisions"}],"predecessor-version":[{"id":12257,"href":"https:\/\/m-a-i.qc.ca\/en\/wp-json\/wp\/v2\/pages\/10150\/revisions\/12257"}],"wp:attachment":[{"href":"https:\/\/m-a-i.qc.ca\/en\/wp-json\/wp\/v2\/media?parent=10150"}],"curies":[{"name":"wp","href":"https:\/\/api.w.org\/{rel}","templated":true}]}}