{"id":19499,"date":"2026-08-31T21:41:19","date_gmt":"2026-09-01T01:41:19","guid":{"rendered":"https:\/\/m-a-i.qc.ca\/?post_type=event&#038;p=19499"},"modified":"2026-09-03T15:50:19","modified_gmt":"2026-09-03T19:50:19","slug":"montreal-arts-accessibles-26-27","status":"publish","type":"event","link":"https:\/\/m-a-i.qc.ca\/en\/event\/montreal-arts-accessibles-26-27\/","title":{"rendered":"montr\u00e9al, arts accessibles 26.27"},"content":{"rendered":"<div class=\"fit-video\">\n<div class=\"arve wp-block-nextgenthemes-arve\" data-mode=\"normal\" data-oembed=\"1\" data-provider=\"vimeo\" id=\"arve-vimeo-12228751356a9aa4e18fa23111303865\" style=\"max-width:1366px;\">\n<span class=\"arve-inner\"><br \/>\n<span class=\"arve-embed arve-embed--has-aspect-ratio\" style=\"aspect-ratio: 683 \/ 384\"><br \/>\n<span class=\"arve-ar\" style=\"padding-top:56.222548%\"><\/span><iframe loading=\"lazy\" allow=\"accelerometer; autoplay; clipboard-write; encrypted-media; gyroscope; picture-in-picture\" allowfullscreen class=\"arve-iframe fitvidsignore\" data-arve=\"arve-vimeo-12228751356a9aa4e18fa23111303865\" data-src-no-ap=\"https:\/\/player.vimeo.com\/video\/1222875135?dnt=1&amp;app_id=122963&amp;html5=1&amp;title=1&amp;byline=0&amp;portrait=0&amp;autoplay=0\" frameborder=\"0\" height=\"768\" sandbox=\"allow-scripts allow-same-origin allow-presentation allow-popups allow-popups-to-escape-sandbox allow-forms\" scrolling=\"no\" src=\"https:\/\/player.vimeo.com\/video\/1222875135?dnt=1&#038;app_id=122963&#038;html5=1&#038;title=1&#038;byline=0&#038;portrait=0&#038;autoplay=0\" width=\"1366\"><\/iframe><\/p>\n<p><\/span><\/p>\n<p><\/span><br \/>\n<script type=\"application\/ld+json\">{\"@context\":\"http:\\\/\\\/schema.org\\\/\",\"@id\":\"https:\\\/\\\/m-a-i.qc.ca\\\/en\\\/event\\\/montreal-arts-accessibles-26-27\\\/#arve-vimeo-12228751356a9aa4e18fa23111303865\",\"type\":\"VideoObject\",\"embedURL\":\"https:\\\/\\\/player.vimeo.com\\\/video\\\/1222875135?dnt=1&app_id=122963&html5=1&title=1&byline=0&portrait=0&autoplay=0\"}<\/script>\n<\/div>\n<\/div>\n<p><span style=\"font-weight: 400;\">A MAI &amp; Danse-Cit\u00e9 invitation\u00a0<\/span><\/p>\n<p><span style=\"font-weight: 400;\">September 30, 2026, from 5:00 p.m. to 9:00 p.m.<\/span><\/p>\n<p><span style=\"font-weight: 400;\">\ud83d\udccdMAI &#8211; Montr\u00e9al, arts interculturels<br \/>\n<\/span><span style=\"font-weight: 400;\">3680 Jeanne Mance Street<br \/>\n<\/span><span style=\"font-weight: 400;\">Montreal, QC, H2X 2K5<\/span><\/p>\n<p><span style=\"font-weight: 400;\">Now in its third year, <\/span><b>MTL Arts Accessibles<\/b><span style=\"font-weight: 400;\"> renews its commitment to inviting audiences with diverse abilities and the Montreal cultural community to an <\/span><b>event <\/b><span style=\"font-weight: 400;\">celebrating accessible cultural programming for the 26\u201327 season.<\/span><\/p>\n<p><span style=\"font-weight: 400;\">Held as a friendly \u20185 @ 9\u2019 event across all areas of the MAI, the event highlights accessible shows and activities designed for deaf and hard-of-hearing people, blind and low vision people, people with reduced mobility, and neurodivergent people for the 2026\u20132027 season.<\/span><\/p>\n<p><span style=\"font-weight: 400;\">An evening dedicated to <\/span><b>celebration, fun, sharing and discovery!\u00a0<\/b><\/p>\n<p><b>What\u2019s new<\/b><\/p>\n<ul>\n<li style=\"font-weight: 400;\" aria-level=\"1\"><span style=\"font-weight: 400;\">A new schedule designed to encourage interaction, discussion and appreciation of works by a diverse range of must-see artists (music, theatre, visual arts, dance).<\/span><\/li>\n<li style=\"font-weight: 400;\" aria-level=\"1\"><span style=\"font-weight: 400;\">An enhanced visitor experience for a 100 per cent accessible event.<\/span><\/li>\n<li style=\"font-weight: 400;\" aria-level=\"1\"><span style=\"font-weight: 400;\">The design and distribution of printed catalogues, tailored to different audiences, listing the full range of accessible cultural events for the 26\u201327 season.<\/span><\/li>\n<\/ul>\n<p><b>Free \u2014 Reservations required (limited seating)\u00a0<\/b><\/p>\n<p><span style=\"font-weight: 400;\">To participate, please make a reservation by filling out the online form below or by calling Danse-Cit\u00e9 on 514 525-3595.<\/span><\/p>\n<p><a class=\"theme_button\" href=\"https:\/\/docs.google.com\/forms\/d\/e\/1FAIpQLSfIMdGZotc49Mv-grxzx12QAzNp1hMCqV0Feje-f-xZwAn0uQ\/viewform?usp=header\" target=\"_blank\" rel=\"noopener noreferrer\">reservation<\/a><\/p>\n<p>&nbsp;<\/p>\n<p><b>Evening Programme <\/b><b><br \/>\n<\/b><span style=\"font-weight: 400;\">5 pm \u2013 7.00 pm: Visit the kiosks<br \/>\n<\/span><span style=\"font-weight: 400;\">7 pm \u2013 8.00 pm: Animation by artist <\/span><b>Maxime D. &#8211; Pomerleau<\/b><span style=\"font-weight: 400;\"> and Performances by artists <\/span><b>George Nti Williams &amp; Jade-May Klaver, Carlos Eduardo Parra Duran &amp; Alvino Alberto, Benoit Landreville. <\/b><span style=\"font-weight: 400;\">Visual art installation by <\/span><b>Collectif Cummings &amp; Pifko <\/b><span style=\"font-weight: 400;\">and projections by <\/span><b>V\u00e9ro Leduc.<\/b><span style=\"font-weight: 400;\"> Live audio description by<\/span><b> Georges-Nicolas Tremblay.<br \/>\n<\/b><span style=\"font-weight: 400;\">8 pm \u2013 9.00 pm: Party and networking.<\/span><\/p>\n<p><b>Accessibility<\/b><span style=\"font-weight: 400;\"><br \/>\n<\/span><b>Interpreters: <\/b><span style=\"font-weight: 400;\">French-LSQ, English-ASL and ASL-LSQ on site throughout the evening.<\/span><span style=\"font-weight: 400;\"><br \/>\n<\/span><b>Sighted guides:<\/b><span style=\"font-weight: 400;\"> for people with visual impairments.<\/span><span style=\"font-weight: 400;\"><br \/>\n<\/span><b>Cultural mediation: <\/b><span style=\"font-weight: 400;\">art therapist, artist.<\/span><span style=\"font-weight: 400;\"><br \/>\n<\/span><b>Equipment available: <\/b><span style=\"font-weight: 400;\">wheelchair, noise-cancelling headphones, sensory objects and comfortable chairs (max. 500 pounds).<\/span><span style=\"font-weight: 400;\"><br \/>\n<\/span><b>Four accessible areas: <\/b><span style=\"font-weight: 400;\">theatre area for visiting the kiosks + gallery area for activities, performances and visual arts + Caf\u00e9-Bar area, a place to eat + quiet space.<\/span><span style=\"font-weight: 400;\"><br \/>\n<\/span><b>Performances:<\/b><span style=\"font-weight: 400;\"> Live audio description of performances and accessories to access sounds in the form of vibrations.\u00a0<\/span><\/p>\n<p>&nbsp;<\/p>\n<p><b>Kiosks to visit<br \/>\n<\/b><span style=\"font-weight: 400;\">Presenters: <\/span><b>Agora de la danse, Centre du Th\u00e9\u00e2tre d\u2019Aujourd\u2019hui, Danse-Cit\u00e9, Festival International de Cin\u00e9ma Adapt\u00e9 de Montr\u00e9al (FICAM), Les Filles \u00c9lectriques\/Festival Ph\u00e9nomena, MAI &#8211; Montr\u00e9al, arts interculturels, Maison Th\u00e9\u00e2tre, MEM &#8211; Centre des m\u00e9moires montr\u00e9alaises, Mus\u00e9e d\u2019art contemporain de Montr\u00e9al,\u00a0 Regroupement des centres d\u2019artistes autog\u00e9r\u00e9s du Qu\u00e9bec, R\u00e9seau des Maisons de la Culture, Tangente, Th\u00e9\u00e2tre du Rideau Vert, Th\u00e9\u00e2tre ESPACE GO, Th\u00e9\u00e2tre La Licorne<\/b><\/p>\n<p><span style=\"font-weight: 400;\">Artistic companies: <\/span><b>Joe Jack &amp; John, Imago Theatre, Les Muses, Th\u00e9\u00e2tre D\u00e9cha\u00een\u00e9s<\/b><\/p>\n<p><span style=\"font-weight: 400;\">With the participation and support of the following organisations: <\/span><b>Agence S, Altergo, Association Qu\u00e9b\u00e9coise des Parents d\u2019Enfants vivant avec un Handicap Visuel (AQPEHV), Cin\u00e9all, Chaire de recherche du Canada sur la citoyennet\u00e9 culturelle des personnes Sourdes et les pratiques d\u2019\u00e9quit\u00e9 culturelle, Connect-T, Eversa, Fondation INCA, Fondation des Aveugles du Qu\u00e9bec (FAQ), ILSQ, K\u00e9roul, Regroupement des Aveugles et Amblyopes du Montr\u00e9al M\u00e9tropolitain (RAAMM)<\/b><\/p>\n","protected":false},"author":4,"featured_media":19497,"template":"","meta":{"footnotes":""},"class_list":["post-19499","event","type-event","status-publish","has-post-thumbnail","hentry","season-26-27-en","event-category-community"],"acf":[],"yoast_head":"<!-- This site is optimized with the Yoast SEO plugin v19.13 - https:\/\/yoast.com\/wordpress\/plugins\/seo\/ -->\n<title>montr\u00e9al, arts accessibles 26.27 &mdash; MAI | Montr\u00e9al, arts interculturels<\/title>\n<meta name=\"robots\" content=\"index, follow, max-snippet:-1, max-image-preview:large, max-video-preview:-1\" \/>\n<link rel=\"canonical\" href=\"https:\/\/m-a-i.qc.ca\/en\/event\/montreal-arts-accessibles-26-27\/\" \/>\n<meta property=\"og:locale\" content=\"en_US\" \/>\n<meta property=\"og:type\" content=\"article\" \/>\n<meta property=\"og:title\" content=\"montr\u00e9al, arts accessibles 26.27 &mdash; MAI | Montr\u00e9al, arts interculturels\" \/>\n<meta property=\"og:description\" content=\"A MAI &amp; Danse-Cit\u00e9 invitation\u00a0 September 30, 2026, from 5:00 p.m. to 9:00 p.m. \ud83d\udccdMAI &#8211; Montr\u00e9al, arts interculturels 3680 Jeanne Mance Street Montreal, [&hellip;]\" \/>\n<meta property=\"og:url\" content=\"https:\/\/m-a-i.qc.ca\/en\/event\/montreal-arts-accessibles-26-27\/\" \/>\n<meta property=\"og:site_name\" content=\"MAI | Montr\u00e9al, arts interculturels\" \/>\n<meta property=\"article:publisher\" content=\"http:\/\/facebook.com\/mtlartsinter\" \/>\n<meta property=\"article:modified_time\" content=\"2026-09-03T19:50:19+00:00\" \/>\n<meta property=\"og:image\" content=\"https:\/\/m-a-i.qc.ca\/wp-content\/uploads\/2026\/08\/Bandeau-MAA26-27.png\" \/>\n\t<meta property=\"og:image:width\" content=\"1875\" \/>\n\t<meta property=\"og:image:height\" content=\"938\" \/>\n\t<meta property=\"og:image:type\" content=\"image\/png\" \/>\n<meta name=\"twitter:card\" content=\"summary_large_image\" \/>\n<meta name=\"twitter:site\" content=\"@mtlartsinter\" \/>\n<meta name=\"twitter:label1\" content=\"Est. reading time\" \/>\n\t<meta name=\"twitter:data1\" content=\"3 minutes\" \/>\n<script type=\"application\/ld+json\" class=\"yoast-schema-graph\">{\"@context\":\"https:\/\/schema.org\",\"@graph\":[{\"@type\":\"WebPage\",\"@id\":\"https:\/\/m-a-i.qc.ca\/en\/event\/montreal-arts-accessibles-26-27\/\",\"url\":\"https:\/\/m-a-i.qc.ca\/en\/event\/montreal-arts-accessibles-26-27\/\",\"name\":\"montr\u00e9al, arts accessibles 26.27 &mdash; MAI | Montr\u00e9al, arts interculturels\",\"isPartOf\":{\"@id\":\"https:\/\/www.m-a-i.qc.ca\/en\/#website\"},\"datePublished\":\"2026-09-01T01:41:19+00:00\",\"dateModified\":\"2026-09-03T19:50:19+00:00\",\"breadcrumb\":{\"@id\":\"https:\/\/m-a-i.qc.ca\/en\/event\/montreal-arts-accessibles-26-27\/#breadcrumb\"},\"inLanguage\":\"en-US\",\"potentialAction\":[{\"@type\":\"ReadAction\",\"target\":[\"https:\/\/m-a-i.qc.ca\/en\/event\/montreal-arts-accessibles-26-27\/\"]}]},{\"@type\":\"BreadcrumbList\",\"@id\":\"https:\/\/m-a-i.qc.ca\/en\/event\/montreal-arts-accessibles-26-27\/#breadcrumb\",\"itemListElement\":[{\"@type\":\"ListItem\",\"position\":1,\"name\":\"Accueil\",\"item\":\"https:\/\/m-a-i.qc.ca\/en\/\"},{\"@type\":\"ListItem\",\"position\":2,\"name\":\"montr\u00e9al, arts accessibles 26.27\"}]},{\"@type\":\"WebSite\",\"@id\":\"https:\/\/www.m-a-i.qc.ca\/en\/#website\",\"url\":\"https:\/\/www.m-a-i.qc.ca\/en\/\",\"name\":\"MAI | Montr\u00e9al, arts interculturels\",\"description\":\"La perle des arts interculturels au c\u0153ur de Montr\u00e9al. Arts visuels, th\u00e9\u00e2tre, danse, musique et arts interdisciplinaires. + de 40 \u00e9v\u00e8nements par an\",\"publisher\":{\"@id\":\"https:\/\/www.m-a-i.qc.ca\/en\/#organization\"},\"potentialAction\":[{\"@type\":\"SearchAction\",\"target\":{\"@type\":\"EntryPoint\",\"urlTemplate\":\"https:\/\/www.m-a-i.qc.ca\/en\/?s={search_term_string}\"},\"query-input\":\"required name=search_term_string\"}],\"inLanguage\":\"en-US\"},{\"@type\":\"Organization\",\"@id\":\"https:\/\/www.m-a-i.qc.ca\/en\/#organization\",\"name\":\"MAI (Montr\u00e9al, arts interculturels)\",\"url\":\"https:\/\/www.m-a-i.qc.ca\/en\/\",\"logo\":{\"@type\":\"ImageObject\",\"inLanguage\":\"en-US\",\"@id\":\"https:\/\/www.m-a-i.qc.ca\/en\/#\/schema\/logo\/image\/\",\"url\":\"https:\/\/m-a-i.qc.ca\/wp-content\/uploads\/2024\/02\/logo_mai_noir-1.png\",\"contentUrl\":\"https:\/\/m-a-i.qc.ca\/wp-content\/uploads\/2024\/02\/logo_mai_noir-1.png\",\"width\":1152,\"height\":1152,\"caption\":\"MAI (Montr\u00e9al, arts interculturels)\"},\"image\":{\"@id\":\"https:\/\/www.m-a-i.qc.ca\/en\/#\/schema\/logo\/image\/\"},\"sameAs\":[\"http:\/\/instagram.com\/mtlartsinter\",\"http:\/\/linkedin.com\/company\/mtlartsinter\",\"https:\/\/fr.wikipedia.org\/wiki\/Montral_arts_interculturels\",\"http:\/\/facebook.com\/mtlartsinter\",\"https:\/\/twitter.com\/mtlartsinter\"]}]}<\/script>\n<!-- \/ Yoast SEO plugin. -->","yoast_head_json":{"title":"montr\u00e9al, arts accessibles 26.27 &mdash; MAI | Montr\u00e9al, arts interculturels","robots":{"index":"index","follow":"follow","max-snippet":"max-snippet:-1","max-image-preview":"max-image-preview:large","max-video-preview":"max-video-preview:-1"},"canonical":"https:\/\/m-a-i.qc.ca\/en\/event\/montreal-arts-accessibles-26-27\/","og_locale":"en_US","og_type":"article","og_title":"montr\u00e9al, arts accessibles 26.27 &mdash; MAI | Montr\u00e9al, arts interculturels","og_description":"A MAI &amp; Danse-Cit\u00e9 invitation\u00a0 September 30, 2026, from 5:00 p.m. to 9:00 p.m. \ud83d\udccdMAI &#8211; Montr\u00e9al, arts interculturels 3680 Jeanne Mance Street Montreal, [&hellip;]","og_url":"https:\/\/m-a-i.qc.ca\/en\/event\/montreal-arts-accessibles-26-27\/","og_site_name":"MAI | Montr\u00e9al, arts interculturels","article_publisher":"http:\/\/facebook.com\/mtlartsinter","article_modified_time":"2026-09-03T19:50:19+00:00","og_image":[{"width":1875,"height":938,"url":"https:\/\/m-a-i.qc.ca\/wp-content\/uploads\/2026\/08\/Bandeau-MAA26-27.png","type":"image\/png"}],"twitter_card":"summary_large_image","twitter_site":"@mtlartsinter","twitter_misc":{"Est. reading time":"3 minutes"},"schema":{"@context":"https:\/\/schema.org","@graph":[{"@type":"WebPage","@id":"https:\/\/m-a-i.qc.ca\/en\/event\/montreal-arts-accessibles-26-27\/","url":"https:\/\/m-a-i.qc.ca\/en\/event\/montreal-arts-accessibles-26-27\/","name":"montr\u00e9al, arts accessibles 26.27 &mdash; MAI | Montr\u00e9al, arts interculturels","isPartOf":{"@id":"https:\/\/www.m-a-i.qc.ca\/en\/#website"},"datePublished":"2026-09-01T01:41:19+00:00","dateModified":"2026-09-03T19:50:19+00:00","breadcrumb":{"@id":"https:\/\/m-a-i.qc.ca\/en\/event\/montreal-arts-accessibles-26-27\/#breadcrumb"},"inLanguage":"en-US","potentialAction":[{"@type":"ReadAction","target":["https:\/\/m-a-i.qc.ca\/en\/event\/montreal-arts-accessibles-26-27\/"]}]},{"@type":"BreadcrumbList","@id":"https:\/\/m-a-i.qc.ca\/en\/event\/montreal-arts-accessibles-26-27\/#breadcrumb","itemListElement":[{"@type":"ListItem","position":1,"name":"Accueil","item":"https:\/\/m-a-i.qc.ca\/en\/"},{"@type":"ListItem","position":2,"name":"montr\u00e9al, arts accessibles 26.27"}]},{"@type":"WebSite","@id":"https:\/\/www.m-a-i.qc.ca\/en\/#website","url":"https:\/\/www.m-a-i.qc.ca\/en\/","name":"MAI | Montr\u00e9al, arts interculturels","description":"La perle des arts interculturels au c\u0153ur de Montr\u00e9al. Arts visuels, th\u00e9\u00e2tre, danse, musique et arts interdisciplinaires. + de 40 \u00e9v\u00e8nements par an","publisher":{"@id":"https:\/\/www.m-a-i.qc.ca\/en\/#organization"},"potentialAction":[{"@type":"SearchAction","target":{"@type":"EntryPoint","urlTemplate":"https:\/\/www.m-a-i.qc.ca\/en\/?s={search_term_string}"},"query-input":"required name=search_term_string"}],"inLanguage":"en-US"},{"@type":"Organization","@id":"https:\/\/www.m-a-i.qc.ca\/en\/#organization","name":"MAI (Montr\u00e9al, arts interculturels)","url":"https:\/\/www.m-a-i.qc.ca\/en\/","logo":{"@type":"ImageObject","inLanguage":"en-US","@id":"https:\/\/www.m-a-i.qc.ca\/en\/#\/schema\/logo\/image\/","url":"https:\/\/m-a-i.qc.ca\/wp-content\/uploads\/2024\/02\/logo_mai_noir-1.png","contentUrl":"https:\/\/m-a-i.qc.ca\/wp-content\/uploads\/2024\/02\/logo_mai_noir-1.png","width":1152,"height":1152,"caption":"MAI (Montr\u00e9al, arts interculturels)"},"image":{"@id":"https:\/\/www.m-a-i.qc.ca\/en\/#\/schema\/logo\/image\/"},"sameAs":["http:\/\/instagram.com\/mtlartsinter","http:\/\/linkedin.com\/company\/mtlartsinter","https:\/\/fr.wikipedia.org\/wiki\/Montral_arts_interculturels","http:\/\/facebook.com\/mtlartsinter","https:\/\/twitter.com\/mtlartsinter"]}]}},"_links":{"self":[{"href":"https:\/\/m-a-i.qc.ca\/en\/wp-json\/wp\/v2\/event\/19499","targetHints":{"allow":["GET"]}}],"collection":[{"href":"https:\/\/m-a-i.qc.ca\/en\/wp-json\/wp\/v2\/event"}],"about":[{"href":"https:\/\/m-a-i.qc.ca\/en\/wp-json\/wp\/v2\/types\/event"}],"author":[{"embeddable":true,"href":"https:\/\/m-a-i.qc.ca\/en\/wp-json\/wp\/v2\/users\/4"}],"version-history":[{"count":5,"href":"https:\/\/m-a-i.qc.ca\/en\/wp-json\/wp\/v2\/event\/19499\/revisions"}],"predecessor-version":[{"id":19586,"href":"https:\/\/m-a-i.qc.ca\/en\/wp-json\/wp\/v2\/event\/19499\/revisions\/19586"}],"wp:featuredmedia":[{"embeddable":true,"href":"https:\/\/m-a-i.qc.ca\/en\/wp-json\/wp\/v2\/media\/19497"}],"wp:attachment":[{"href":"https:\/\/m-a-i.qc.ca\/en\/wp-json\/wp\/v2\/media?parent=19499"}],"curies":[{"name":"wp","href":"https:\/\/api.w.org\/{rel}","templated":true}]}}