{"id":5978,"date":"2020-06-14T16:44:52","date_gmt":"2020-06-14T20:44:52","guid":{"rendered":"https:\/\/m-a-i.qc.ca\/?post_type=callforsubmission&#038;p=5978"},"modified":"2025-07-03T16:58:20","modified_gmt":"2025-07-03T20:58:20","slug":"alliance","status":"publish","type":"callforsubmission","link":"https:\/\/m-a-i.qc.ca\/en\/callforsubmission\/alliance\/","title":{"rendered":"alliance"},"content":{"rendered":"[vc_row css=&#8221;.vc_custom_1557352547774{border-radius: 4px !important;}&#8221;][vc_column width=&#8221;2\/3&#8243; css=&#8221;.vc_custom_1557350099542{border-radius: 1px !important;}&#8221;][vc_column_text]Hosting 10-15 artists, collectives and companies per year, Alliance is a unique support program conceived for artists from all fields who encounter systemic and structural obstacles. The program strives to eliminate \u00a0barriers to their full participation in the arts by offering customized financial allocations and guidance that are adapted to the learning and creative needs and desires of each participant.<\/p>\n<p>The program is especially geared to artists in the early stages of their careers, recently immigrated artists, as well as artists aged 55 years and older.[\/vc_column_text][vc_column_text]MAI invites proposals from racialized artists (including recently immigrated artists), Indigenous artists (First Nations, M\u00e9tis, and Inuit), Deaf artists and artists living with disabilities or chronical diseases, neurodiverse or differently-abled artists, and\/or artists who are members of 2SLGBTQQIPAA+ communities.[\/vc_column_text][\/vc_column][vc_column width=&#8221;1\/3&#8243;][vc_single_image image=&#8221;3708&#8243; img_size=&#8221;medium&#8221;][vc_column_text]\n<h6 style=\"text-align: right;\">image: Tha\u00efla Kampo<\/h6>\n[\/vc_column_text][\/vc_column][\/vc_row][vc_row css=&#8221;.vc_custom_1557352547774{border-radius: 4px !important;}&#8221;][vc_column css=&#8221;.vc_custom_1557350099542{border-radius: 1px !important;}&#8221;][vc_column_text]\n<h2><strong>One program, two streams<\/strong><\/h2>\n[\/vc_column_text][vc_column_text]The Alliance program is designed to adjust to artists\u2019 individual needs. Candidates build their structure by describing one or many services they wish to work with. Accepted candidates receive an allocation to cover their requested services.<\/p>\n<p>Artists can apply to one of the two streams within the Alliance program: <strong>Stream 1<\/strong> or <strong>Stream 2<\/strong>.[\/vc_column_text][\/vc_column][\/vc_row][vc_row][vc_column][vc_column_text]<a href=\"https:\/\/form.jotform.com\/251734519050251\">Alliance info session &#8211; July 15th\u00a0 registration (12:15)<\/a> (in English)<br \/>\n<a href=\"https:\/\/form.jotform.com\/251735095928265\">Alliance info session &#8211; July 16th registration (12:15) <\/a>(in French)[\/vc_column_text][vc_column_text]\n<h2><strong>Stream 1<\/strong><\/h2>\n[\/vc_column_text][\/vc_column][\/vc_row][vc_row][vc_column][vc_separator][vc_column_text]<strong>The Stream 1<\/strong> is best suited to artists who wish to take a multi-dimensional approach to advance their practice. A bigger budget, $8,000, allows the participants to pursue multiple services.<\/p>\n<p>Also, the participants receives a basic support that includes:<br \/>\n-guidance and project coordination support from the Artistic Engagement Coordinator<br \/>\n&#8211; opportunities for collective reflection and exchange with the artists from the 25.26 Alliance Cohort<br \/>\n&#8211; access to the two MAI&#8217;s rehearsal studios (80 hours maximum)<\/p>\n<p>We invites invites proposals from Indigenous artists (First Nations, M\u00e9tis, and Inuit), racialised artists (including recent immigrants), members of the 2SLGBTQQIPAA+ communities and\/or Deaf, neuro-diverse, as well as artists living with disabilities and\/or chronic disability.<\/p>\n<p>All applicants must reside in Tiohti\u00e0:ke\/Montreal (this applies to individuals as well as members of a collective). If applying on behalf of a legally constituted artistic company, the organization must be established in Tiohti\u00e0:ke\/Montreal. To be eligible, applicants must also be Canadian citizens or permanent residents. In the case of a collective, at least one member must meet this requirement.[\/vc_column_text][vc_column_text]Toolbox<\/p>\n<ul>\n<li><a href=\"https:\/\/m-a-i.qc.ca\/wp-content\/uploads\/2025\/07\/Alliance_Call-for-projects_Stream-1_25-26_EN.docx.pdf\">Call for project- Stream 1<\/a> (PDF)<\/li>\n<li><a href=\"https:\/\/m-a-i.qc.ca\/wp-content\/uploads\/2025\/07\/Alliance-Funding-Guidelines_25-26_EN.pdf\">Funding Guidelines<\/a> (PDF)<\/li>\n<\/ul>\n[\/vc_column_text][vc_column_text]\n<h3 style=\"text-align: center;\"><strong>Deadline to submit for Alliance 2025-2026: July 31st 2025 at 11:59PM<\/strong><\/h3>\n<p style=\"text-align: center;\"><a class=\"theme_button\" href=\"https:\/\/docs.google.com\/forms\/d\/e\/1FAIpQLSc7T2AZ7EA0PoUXW7UVRJfSskHXvQMn7INcHFoGRRqDkPX5dQ\/viewform\" target=\"_blank\" rel=\"noopener noreferrer\">Registration Form: Stream 1<\/a><\/p>\n[\/vc_column_text][\/vc_column][\/vc_row][vc_row][vc_column][vc_separator][vc_column_text]\n<h2><strong>Stream 2<\/strong><\/h2>\n[\/vc_column_text][\/vc_column][\/vc_row][vc_row][vc_column][vc_separator][vc_column_text]<strong>The Stream 2<\/strong> is ideal for artists\/collectives\/companies who want to take a more focused approach to their artistic needs and creativity. A smaller budget, $2,000, allows the participants to pursue one, two, or three services.<\/p>\n<p>Also, the participants receives a basic support that includes:<br \/>\n-guidance and project coordination support from the Artistic Engagement<br \/>\nCoordinator<br \/>\n-opportunities for collective reflection and exchange with the artists from<br \/>\nthe 25.26 Alliance Cohort<br \/>\n-access to the two MAI&#8217;s rehearsal studios (80 hours maximum)<\/p>\n<p>We invites invites proposals from Indigenous artists (First Nations, M\u00e9tis, and Inuit), racialised artists (including recent immigrants), members of the 2SLGBTQQIPAA+ communities and\/or Deaf, neuro-diverse, as well as artists living with disabilities and\/or chronic disability.<\/p>\n<p>All applicants must reside in Tiohti\u00e0:ke\/Montreal (this applies to individuals as well as members of a collective). If applying on behalf of a legally constituted artistic company, the organization must be established in Tiohti\u00e0:ke\/Montreal. To be eligible, applicants must also be Canadian citizens or permanent residents. In the case of a collective, at least one member must meet this requirement.[\/vc_column_text][vc_column_text]Toolbox<\/p>\n<ul>\n<li><a href=\"https:\/\/m-a-i.qc.ca\/wp-content\/uploads\/2025\/07\/Alliance_Call-for-projects_Stream-2_25-26_EN.docx.pdf\">Call for project- Stream 2<\/a> (PDF)<\/li>\n<li><a href=\"https:\/\/m-a-i.qc.ca\/wp-content\/uploads\/2025\/07\/Alliance-Funding-Guidelines_25-26_EN.pdf\">Funding Guidelines<\/a> (PDF)<\/li>\n<\/ul>\n[\/vc_column_text][vc_column_text]\n<h3 style=\"text-align: center;\"><strong>Deadline to submit for Alliance 2025-2026: July 31st 2025 at 11:59PM<\/strong><\/h3>\n<p style=\"text-align: center;\"><a class=\"theme_button\" href=\"https:\/\/docs.google.com\/forms\/d\/e\/1FAIpQLSddr0QSRxfOlHGEk0u0NoKbM4XcjyQxWXeL7AP93M_p7-S9EA\/viewform\" target=\"_blank\" rel=\"noopener noreferrer\">Registration Form: Stream 2<\/a><\/p>\n[\/vc_column_text][\/vc_column][\/vc_row]\n","protected":false},"excerpt":{"rendered":"<p>The Alliance program is a unique support structure dedicated to artists working in and from positions of marginality. Participating artists work with the backing of MAI staff and the program coordinator and receive special allocations that help cover a wide range of creative and professional development needs. Alliance is geared to artists in the early stages of their careers, as well as older artists (55 and older) and those otherwise looking to find their footing in the city\u2019s artistic milieu.<\/p>\n","protected":false},"author":17,"featured_media":0,"template":"","meta":{"footnotes":""},"class_list":["post-5978","callforsubmission","type-callforsubmission","status-publish","hentry"],"acf":[],"yoast_head":"<!-- This site is optimized with the Yoast SEO plugin v19.13 - https:\/\/yoast.com\/wordpress\/plugins\/seo\/ -->\n<title>Alliance &mdash; MAI | Montr\u00e9al, arts interculturels<\/title>\n<meta name=\"robots\" content=\"noindex, follow\" \/>\n<meta property=\"og:locale\" content=\"en_US\" \/>\n<meta property=\"og:type\" content=\"article\" \/>\n<meta property=\"og:title\" content=\"Alliance &mdash; MAI | Montr\u00e9al, arts interculturels\" \/>\n<meta property=\"og:description\" content=\"The Alliance program is a unique support structure dedicated to artists working in and from positions of marginality. Participating artists work with the backing of MAI staff and the program coordinator and receive special allocations that help cover a wide range of creative and professional development needs. Alliance is geared to artists in the early stages of their careers, as well as older artists (55 and older) and those otherwise looking to find their footing in the city\u2019s artistic milieu.\" \/>\n<meta property=\"og:url\" content=\"https:\/\/m-a-i.qc.ca\/en\/callforsubmission\/alliance\/\" \/>\n<meta property=\"og:site_name\" content=\"MAI | Montr\u00e9al, arts interculturels\" \/>\n<meta property=\"article:publisher\" content=\"http:\/\/facebook.com\/mtlartsinter\" \/>\n<meta property=\"article:modified_time\" content=\"2025-07-03T20:58:20+00:00\" \/>\n<meta name=\"twitter:card\" content=\"summary_large_image\" \/>\n<meta name=\"twitter:site\" content=\"@mtlartsinter\" \/>\n<meta name=\"twitter:label1\" content=\"Est. reading time\" \/>\n\t<meta name=\"twitter:data1\" content=\"4 minutes\" \/>\n<script type=\"application\/ld+json\" class=\"yoast-schema-graph\">{\"@context\":\"https:\/\/schema.org\",\"@graph\":[{\"@type\":\"WebPage\",\"@id\":\"https:\/\/m-a-i.qc.ca\/en\/callforsubmission\/alliance\/\",\"url\":\"https:\/\/m-a-i.qc.ca\/en\/callforsubmission\/alliance\/\",\"name\":\"Alliance &mdash; MAI | Montr\u00e9al, arts interculturels\",\"isPartOf\":{\"@id\":\"https:\/\/www.m-a-i.qc.ca\/en\/#website\"},\"datePublished\":\"2020-06-14T20:44:52+00:00\",\"dateModified\":\"2025-07-03T20:58:20+00:00\",\"breadcrumb\":{\"@id\":\"https:\/\/m-a-i.qc.ca\/en\/callforsubmission\/alliance\/#breadcrumb\"},\"inLanguage\":\"en-US\",\"potentialAction\":[{\"@type\":\"ReadAction\",\"target\":[\"https:\/\/m-a-i.qc.ca\/en\/callforsubmission\/alliance\/\"]}]},{\"@type\":\"BreadcrumbList\",\"@id\":\"https:\/\/m-a-i.qc.ca\/en\/callforsubmission\/alliance\/#breadcrumb\",\"itemListElement\":[{\"@type\":\"ListItem\",\"position\":1,\"name\":\"Accueil\",\"item\":\"https:\/\/m-a-i.qc.ca\/en\/\"},{\"@type\":\"ListItem\",\"position\":2,\"name\":\"alliance\"}]},{\"@type\":\"WebSite\",\"@id\":\"https:\/\/www.m-a-i.qc.ca\/en\/#website\",\"url\":\"https:\/\/www.m-a-i.qc.ca\/en\/\",\"name\":\"MAI | Montr\u00e9al, arts interculturels\",\"description\":\"La perle des arts interculturels au c\u0153ur de Montr\u00e9al. Arts visuels, th\u00e9\u00e2tre, danse, musique et arts interdisciplinaires. + de 40 \u00e9v\u00e8nements par an\",\"publisher\":{\"@id\":\"https:\/\/www.m-a-i.qc.ca\/en\/#organization\"},\"potentialAction\":[{\"@type\":\"SearchAction\",\"target\":{\"@type\":\"EntryPoint\",\"urlTemplate\":\"https:\/\/www.m-a-i.qc.ca\/en\/?s={search_term_string}\"},\"query-input\":\"required name=search_term_string\"}],\"inLanguage\":\"en-US\"},{\"@type\":\"Organization\",\"@id\":\"https:\/\/www.m-a-i.qc.ca\/en\/#organization\",\"name\":\"MAI (Montr\u00e9al, arts interculturels)\",\"url\":\"https:\/\/www.m-a-i.qc.ca\/en\/\",\"logo\":{\"@type\":\"ImageObject\",\"inLanguage\":\"en-US\",\"@id\":\"https:\/\/www.m-a-i.qc.ca\/en\/#\/schema\/logo\/image\/\",\"url\":\"https:\/\/m-a-i.qc.ca\/wp-content\/uploads\/2024\/02\/logo_mai_noir-1.png\",\"contentUrl\":\"https:\/\/m-a-i.qc.ca\/wp-content\/uploads\/2024\/02\/logo_mai_noir-1.png\",\"width\":1152,\"height\":1152,\"caption\":\"MAI (Montr\u00e9al, arts interculturels)\"},\"image\":{\"@id\":\"https:\/\/www.m-a-i.qc.ca\/en\/#\/schema\/logo\/image\/\"},\"sameAs\":[\"http:\/\/instagram.com\/mtlartsinter\",\"http:\/\/linkedin.com\/company\/mtlartsinter\",\"https:\/\/fr.wikipedia.org\/wiki\/Montral_arts_interculturels\",\"http:\/\/facebook.com\/mtlartsinter\",\"https:\/\/twitter.com\/mtlartsinter\"]}]}<\/script>\n<!-- \/ Yoast SEO plugin. -->","yoast_head_json":{"title":"Alliance &mdash; MAI | Montr\u00e9al, arts interculturels","robots":{"index":"noindex","follow":"follow"},"og_locale":"en_US","og_type":"article","og_title":"Alliance &mdash; MAI | Montr\u00e9al, arts interculturels","og_description":"The Alliance program is a unique support structure dedicated to artists working in and from positions of marginality. Participating artists work with the backing of MAI staff and the program coordinator and receive special allocations that help cover a wide range of creative and professional development needs. Alliance is geared to artists in the early stages of their careers, as well as older artists (55 and older) and those otherwise looking to find their footing in the city\u2019s artistic milieu.","og_url":"https:\/\/m-a-i.qc.ca\/en\/callforsubmission\/alliance\/","og_site_name":"MAI | Montr\u00e9al, arts interculturels","article_publisher":"http:\/\/facebook.com\/mtlartsinter","article_modified_time":"2025-07-03T20:58:20+00:00","twitter_card":"summary_large_image","twitter_site":"@mtlartsinter","twitter_misc":{"Est. reading time":"4 minutes"},"schema":{"@context":"https:\/\/schema.org","@graph":[{"@type":"WebPage","@id":"https:\/\/m-a-i.qc.ca\/en\/callforsubmission\/alliance\/","url":"https:\/\/m-a-i.qc.ca\/en\/callforsubmission\/alliance\/","name":"Alliance &mdash; MAI | Montr\u00e9al, arts interculturels","isPartOf":{"@id":"https:\/\/www.m-a-i.qc.ca\/en\/#website"},"datePublished":"2020-06-14T20:44:52+00:00","dateModified":"2025-07-03T20:58:20+00:00","breadcrumb":{"@id":"https:\/\/m-a-i.qc.ca\/en\/callforsubmission\/alliance\/#breadcrumb"},"inLanguage":"en-US","potentialAction":[{"@type":"ReadAction","target":["https:\/\/m-a-i.qc.ca\/en\/callforsubmission\/alliance\/"]}]},{"@type":"BreadcrumbList","@id":"https:\/\/m-a-i.qc.ca\/en\/callforsubmission\/alliance\/#breadcrumb","itemListElement":[{"@type":"ListItem","position":1,"name":"Accueil","item":"https:\/\/m-a-i.qc.ca\/en\/"},{"@type":"ListItem","position":2,"name":"alliance"}]},{"@type":"WebSite","@id":"https:\/\/www.m-a-i.qc.ca\/en\/#website","url":"https:\/\/www.m-a-i.qc.ca\/en\/","name":"MAI | Montr\u00e9al, arts interculturels","description":"La perle des arts interculturels au c\u0153ur de Montr\u00e9al. Arts visuels, th\u00e9\u00e2tre, danse, musique et arts interdisciplinaires. + de 40 \u00e9v\u00e8nements par an","publisher":{"@id":"https:\/\/www.m-a-i.qc.ca\/en\/#organization"},"potentialAction":[{"@type":"SearchAction","target":{"@type":"EntryPoint","urlTemplate":"https:\/\/www.m-a-i.qc.ca\/en\/?s={search_term_string}"},"query-input":"required name=search_term_string"}],"inLanguage":"en-US"},{"@type":"Organization","@id":"https:\/\/www.m-a-i.qc.ca\/en\/#organization","name":"MAI (Montr\u00e9al, arts interculturels)","url":"https:\/\/www.m-a-i.qc.ca\/en\/","logo":{"@type":"ImageObject","inLanguage":"en-US","@id":"https:\/\/www.m-a-i.qc.ca\/en\/#\/schema\/logo\/image\/","url":"https:\/\/m-a-i.qc.ca\/wp-content\/uploads\/2024\/02\/logo_mai_noir-1.png","contentUrl":"https:\/\/m-a-i.qc.ca\/wp-content\/uploads\/2024\/02\/logo_mai_noir-1.png","width":1152,"height":1152,"caption":"MAI (Montr\u00e9al, arts interculturels)"},"image":{"@id":"https:\/\/www.m-a-i.qc.ca\/en\/#\/schema\/logo\/image\/"},"sameAs":["http:\/\/instagram.com\/mtlartsinter","http:\/\/linkedin.com\/company\/mtlartsinter","https:\/\/fr.wikipedia.org\/wiki\/Montral_arts_interculturels","http:\/\/facebook.com\/mtlartsinter","https:\/\/twitter.com\/mtlartsinter"]}]}},"_links":{"self":[{"href":"https:\/\/m-a-i.qc.ca\/en\/wp-json\/wp\/v2\/callforsubmission\/5978","targetHints":{"allow":["GET"]}}],"collection":[{"href":"https:\/\/m-a-i.qc.ca\/en\/wp-json\/wp\/v2\/callforsubmission"}],"about":[{"href":"https:\/\/m-a-i.qc.ca\/en\/wp-json\/wp\/v2\/types\/callforsubmission"}],"author":[{"embeddable":true,"href":"https:\/\/m-a-i.qc.ca\/en\/wp-json\/wp\/v2\/users\/17"}],"version-history":[{"count":126,"href":"https:\/\/m-a-i.qc.ca\/en\/wp-json\/wp\/v2\/callforsubmission\/5978\/revisions"}],"predecessor-version":[{"id":18541,"href":"https:\/\/m-a-i.qc.ca\/en\/wp-json\/wp\/v2\/callforsubmission\/5978\/revisions\/18541"}],"wp:attachment":[{"href":"https:\/\/m-a-i.qc.ca\/en\/wp-json\/wp\/v2\/media?parent=5978"}],"curies":[{"name":"wp","href":"https:\/\/api.w.org\/{rel}","templated":true}]}}